{"id":369,"date":"2018-12-27T14:34:05","date_gmt":"2018-12-27T13:34:05","guid":{"rendered":"http:\/\/www.editions-loubavitch.fr\/?post_type=product&#038;p=369"},"modified":"2025-11-23T11:37:46","modified_gmt":"2025-11-23T10:37:46","slug":"les-maitres-de-habad-et-le-judaisme-de-france-vol-4","status":"publish","type":"product","link":"https:\/\/www.editions-loubavitch.fr\/index.php\/produit\/les-maitres-de-habad-et-le-judaisme-de-france-vol-4\/","title":{"rendered":"LES MA\u00ceTRES DE \u2018HABAD ET LE JUDA\u00cfSME DE FRANCE VOL. 4"},"content":{"rendered":"<p>AVANT-PROPOS<\/p>\n<p>C&rsquo;est avec, gratitude envers D.ieu, b\u00e9ni soit-Il, qu&rsquo;est publi\u00e9 cet ouvrage, les ma\u00eetres de &lsquo;Habad et le Juda\u00efsme de France, combats et visites, la dimension positive de la r\u00e9volution fran\u00e7aise. En effet, tous nos ma\u00eetres et chefs, depuis l&rsquo;Admour Hazaken, fondateur de la &lsquo;Hassidout \u2018Habad et son premier dirigeant, jusqu&rsquo;au Rabbi, dont le m\u00e9rite nous prot\u00e8gera, son septi\u00e8me dirigeant, ont entretenu une relation particuli\u00e8re et un lien sp\u00e9cifique avec la France et son \u00e9volution.<\/p>\n<p>Durant les premi\u00e8res g\u00e9n\u00e9rations, cette relation et ce lien s&rsquo;inscrivirent dans le cadre du combat men\u00e9 par l&rsquo;Admour Hazaken contre l&#8217;empereur fran\u00e7ais, Napol\u00e9on. Par la suite, il y eut les nombreuses visites, en France, du Rabbi Maharach, du Rabbi Rachab et du Rabbi Rayats. Enfin, la dimension positive de la r\u00e9volution fran\u00e7aise s&rsquo;est pleinement accomplie \u00e0 notre \u00e9poque, celle du Rabbi, dont le m\u00e9rite nous prot\u00e8gera.<\/p>\n<p>Le pr\u00e9sent ouvrage retrace, pour la premi\u00e8re fois, devant le lecteur et celui qui le consulte, le r\u00e9cit int\u00e9gral de cette implication importante des ma\u00eetres de \u2018Habad, dans la vie du Juda\u00efsme fran\u00e7ais. Ce qui a rendu possible la r\u00e9daction de ce recueil est d\u00e9crit dans l&rsquo;introduction. Notre sinc\u00e8re et chaleureuse reconnaissance va \u00e0 notre ami, le &lsquo;Hassid, Rav Zoucha Wolf, qui a su le r\u00e9diger d&rsquo;une mani\u00e8re agr\u00e9able.<\/p>\n<p>La pr\u00e9sente publication s&rsquo;ajoute \u00e0 la collection des ouvrages d\u00e9crivant les relations des ma\u00eetres de \u2018Habad avec les diff\u00e9rents pays de la diaspora. A n&rsquo;en pas douter, elle permettra une conscience accrue de l&rsquo;abn\u00e9gation et de l&rsquo;amour de nos ma\u00eetres et chefs pour tous les enfants d&rsquo;Isra\u00ebl, o\u00f9 qu&rsquo;ils se trouvent, dans tous les endroits o\u00f9 ils r\u00e9sident.<\/p>\n","protected":false},"excerpt":{"rendered":"<p>Les ma\u00eetres de \u2018Habad et le juda\u00efsme de France Tome 4 L&rsquo;\u00e9poque du Rabbi de Loubavitch<\/p>\n","protected":false},"featured_media":370,"template":"","meta":[],"product_brand":[],"product_cat":[107,94],"product_tag":[115,114],"class_list":{"0":"post-369","1":"product","2":"type-product","3":"status-publish","4":"has-post-thumbnail","6":"product_cat-les-maitres-de-habad-et-le-judaisme-de-france","7":"product_cat-livres","8":"product_tag-admour-hazaken","9":"product_tag-le-rabbi","11":"first","12":"instock","13":"shipping-taxable","14":"purchasable","15":"product-type-simple"},"_links":{"self":[{"href":"https:\/\/www.editions-loubavitch.fr\/index.php\/wp-json\/wp\/v2\/product\/369","targetHints":{"allow":["GET"]}}],"collection":[{"href":"https:\/\/www.editions-loubavitch.fr\/index.php\/wp-json\/wp\/v2\/product"}],"about":[{"href":"https:\/\/www.editions-loubavitch.fr\/index.php\/wp-json\/wp\/v2\/types\/product"}],"wp:featuredmedia":[{"embeddable":true,"href":"https:\/\/www.editions-loubavitch.fr\/index.php\/wp-json\/wp\/v2\/media\/370"}],"wp:attachment":[{"href":"https:\/\/www.editions-loubavitch.fr\/index.php\/wp-json\/wp\/v2\/media?parent=369"}],"wp:term":[{"taxonomy":"product_brand","embeddable":true,"href":"https:\/\/www.editions-loubavitch.fr\/index.php\/wp-json\/wp\/v2\/product_brand?post=369"},{"taxonomy":"product_cat","embeddable":true,"href":"https:\/\/www.editions-loubavitch.fr\/index.php\/wp-json\/wp\/v2\/product_cat?post=369"},{"taxonomy":"product_tag","embeddable":true,"href":"https:\/\/www.editions-loubavitch.fr\/index.php\/wp-json\/wp\/v2\/product_tag?post=369"}],"curies":[{"name":"wp","href":"https:\/\/api.w.org\/{rel}","templated":true}]}}